{"id":116,"date":"2014-01-12T12:56:32","date_gmt":"2014-01-12T11:56:32","guid":{"rendered":"http:\/\/www.fdelaitre.org\/CEB-test\/?page_id=116"},"modified":"2014-01-13T22:36:42","modified_gmt":"2014-01-13T21:36:42","slug":"la-cite-agricole","status":"publish","type":"page","link":"http:\/\/www.fdelaitre.org\/CEB\/?page_id=116","title":{"rendered":"La Cit\u00e9 agricole"},"content":{"rendered":"<p>Vue a\u00e9rienne contemporaine :<\/p>\n<p><a href=\"http:\/\/www.fdelaitre.org\/CEB\/wp-content\/uploads\/2014\/01\/CEB-Cite_Agricole_Vue_Aerienne.jpg\"><img decoding=\"async\" loading=\"lazy\" class=\"size-full wp-image-205 aligncenter\" alt=\"CEB-Cite_Agricole_Vue_Aerienne\" src=\"http:\/\/www.fdelaitre.org\/CEB\/wp-content\/uploads\/2014\/01\/CEB-Cite_Agricole_Vue_Aerienne.jpg\" width=\"600\" height=\"544\" srcset=\"http:\/\/www.fdelaitre.org\/CEB\/wp-content\/uploads\/2014\/01\/CEB-Cite_Agricole_Vue_Aerienne.jpg 600w, http:\/\/www.fdelaitre.org\/CEB\/wp-content\/uploads\/2014\/01\/CEB-Cite_Agricole_Vue_Aerienne-300x272.jpg 300w\" sizes=\"(max-width: 600px) 100vw, 600px\" \/><\/a><\/p>\n<p><a href=\"http:\/\/www.fdelaitre.org\/CEB\/wp-content\/uploads\/2014\/01\/CEB_09-53.jpg\"><img decoding=\"async\" loading=\"lazy\" class=\"size-full wp-image-206 aligncenter\" alt=\"CEB_09-53\" src=\"http:\/\/www.fdelaitre.org\/CEB\/wp-content\/uploads\/2014\/01\/CEB_09-53.jpg\" width=\"338\" height=\"208\" srcset=\"http:\/\/www.fdelaitre.org\/CEB\/wp-content\/uploads\/2014\/01\/CEB_09-53.jpg 338w, http:\/\/www.fdelaitre.org\/CEB\/wp-content\/uploads\/2014\/01\/CEB_09-53-300x184.jpg 300w\" sizes=\"(max-width: 338px) 100vw, 338px\" \/><\/a><\/p>\n<p>Inspir\u00e9e par les cit\u00e9s ouvri\u00e8res du nord de la France, m\u00e9daille d\u2019or \u00e0 l\u2019Exposition Universelle de 1889, la Cit\u00e9 Agricole de Champigny en Beauce &#8211; con\u00e7ue et financ\u00e9e par Fran\u00e7ois-Philibert Dessaignes &#8211; restera unique en son genre. \u00c9mile Cacheux, ing\u00e9nieur des Arts &amp; Manufactures, nous en donne la description suivante (<i>Etat des Habitations Ouvri\u00e8res<\/i>, Paris, 1891)\u00a0:<\/p>\n<p><i> \u00ab M. Dessaignes, ancien d\u00e9put\u00e9, maire de Champigny [en Beauce], a construit une cit\u00e9 pour loger convenablement les ouvriers qu\u2019il emploie dans une ferme mod\u00e8le. Il esp\u00e8re que son exemple sera suivi et que la population de nos campagnes trouvant dans les exploitations agricoles les m\u00eames avantages que dans les manufactures, le mouvement d\u2019\u00e9migration qui pousse les paysans vers les centres industriels s\u2019arr\u00eatera. Compar\u00e9es aux habitations des communes voisines, compos\u00e9es uniquement d\u2019une seule chambre ou p\u00e8re, m\u00e8re et enfants de tous \u00e2ges et de tous sexes sont accumul\u00e9s, o\u00f9 l\u2019a\u00e9ration est insuffisante, o\u00f9 les eaux m\u00e9nag\u00e8res, les fumiers et les purins infestent le sol sur lequel repose l\u2019habitation, les maisons de M. Dessaignes sont des v\u00e9ritables mod\u00e8les. Chacune d\u2019elles se compose d\u2019une chambre \u00e0 coucher et d\u2019une cuisine. Un escalier permet de monter facilement \u00e0 un grenier spacieux ; une petite cave vo\u00fbt\u00e9e existe sous la maison. Les d\u00e9pendances sont : une \u00e9curie, une \u00e9table, une petite grange, un toit \u00e0 porcs, un poulailler et un jardin.<\/i><\/p>\n<p>Les habitants ont la jouissance d\u2019une pompe et d\u2019un four ainsi que de priv\u00e9s bien dispos\u00e9s.<\/p>\n<p>La cit\u00e9 se compose de trente-quatre maisons, dont l\u2019une est destin\u00e9e \u00e0 un m\u00e9decin, une deuxi\u00e8me \u00e0 un v\u00e9t\u00e9rinaire, une troisi\u00e8me \u00e0 une boulangerie et une quatri\u00e8me \u00e0 un bureau de postes et t\u00e9l\u00e9graphes. Pour d\u00e9cider l\u2019Etat \u00e0 \u00e9tablir un bureau de poste \u00e0 Champigny [en Beauce], M. Dessaignes lui a conc\u00e9d\u00e9 la jouissance gratuite, pendant dix-huit ans, de la maison qu\u2019il a agenc\u00e9e sp\u00e9cialement pour ce service. Les maisons de la cit\u00e9 sont desservies par deux rues qui ont respectivement huit m\u00e8tres et dix m\u00e8tres de largeur. Une place plant\u00e9e d\u2019arbres se trouve au milieu de la cit\u00e9, elle a une superficie de vingt-m\u00e8tres de large sur soixante-treize m\u00e8tres de long.<\/p>\n<p>Le niveau de l\u2019eau, fournie par les puits, est \u00e0 une distance de deux m\u00e8tres du sol.<\/p>\n<p>Chaque maison revient en moyenne \u00e0 5000 francs ; elle est lou\u00e9e \u00e0 raison de 100 francs, ce qui repr\u00e9sente un revenu brut de 2 % du capital engag\u00e9.<\/p>\n<p>M. Dessaignes a consacr\u00e9 un capital de plus de 200 000 francs \u00e0 son \u0153uvre, qui comprend, outre les maisons pour agriculteurs valides, une maison de retraite pour les vieux ouvriers agricoles, une salle d\u2019asile et diverses autres institutions. \u00bb<\/p>\n<p><a href=\"http:\/\/www.fdelaitre.org\/CEB\/wp-content\/uploads\/2014\/01\/CEB-Cite_Agricole_1.jpg\"><img decoding=\"async\" loading=\"lazy\" class=\"size-full wp-image-207 aligncenter\" alt=\"CEB-Cite_Agricole_1\" src=\"http:\/\/www.fdelaitre.org\/CEB\/wp-content\/uploads\/2014\/01\/CEB-Cite_Agricole_1.jpg\" width=\"537\" height=\"356\" srcset=\"http:\/\/www.fdelaitre.org\/CEB\/wp-content\/uploads\/2014\/01\/CEB-Cite_Agricole_1.jpg 537w, http:\/\/www.fdelaitre.org\/CEB\/wp-content\/uploads\/2014\/01\/CEB-Cite_Agricole_1-300x198.jpg 300w\" sizes=\"(max-width: 537px) 100vw, 537px\" \/><\/a><\/p>\n<p><a href=\"http:\/\/www.fdelaitre.org\/CEB\/wp-content\/uploads\/2014\/01\/CEB-Cite_Agricole_2.jpg\"><img decoding=\"async\" loading=\"lazy\" class=\"wp-image-208 aligncenter\" alt=\"CEB-Cite_Agricole_2\" src=\"http:\/\/www.fdelaitre.org\/CEB\/wp-content\/uploads\/2014\/01\/CEB-Cite_Agricole_2.jpg\" width=\"634\" height=\"408\" srcset=\"http:\/\/www.fdelaitre.org\/CEB\/wp-content\/uploads\/2014\/01\/CEB-Cite_Agricole_2.jpg 634w, http:\/\/www.fdelaitre.org\/CEB\/wp-content\/uploads\/2014\/01\/CEB-Cite_Agricole_2-300x193.jpg 300w\" sizes=\"(max-width: 634px) 100vw, 634px\" \/><\/a><\/p>\n<p>&nbsp;<\/p>\n<p><a href=\"http:\/\/www.fdelaitre.org\/CEB\/wp-content\/uploads\/2014\/01\/CEB-Cite_Agricole_3.jpg\"><img decoding=\"async\" loading=\"lazy\" class=\"size-full wp-image-209 aligncenter\" alt=\"CEB-Cite_Agricole_3\" src=\"http:\/\/www.fdelaitre.org\/CEB\/wp-content\/uploads\/2014\/01\/CEB-Cite_Agricole_3.jpg\" width=\"543\" height=\"346\" srcset=\"http:\/\/www.fdelaitre.org\/CEB\/wp-content\/uploads\/2014\/01\/CEB-Cite_Agricole_3.jpg 543w, http:\/\/www.fdelaitre.org\/CEB\/wp-content\/uploads\/2014\/01\/CEB-Cite_Agricole_3-300x191.jpg 300w\" sizes=\"(max-width: 543px) 100vw, 543px\" \/><\/a><\/p>\n<p><a href=\"http:\/\/www.fdelaitre.org\/CEB\/wp-content\/uploads\/2014\/01\/CEB-Cite_Agricole_4.jpg\"><img decoding=\"async\" loading=\"lazy\" class=\"wp-image-210 aligncenter\" alt=\"CEB-Cite_Agricole_4\" src=\"http:\/\/www.fdelaitre.org\/CEB\/wp-content\/uploads\/2014\/01\/CEB-Cite_Agricole_4.jpg\" width=\"695\" height=\"446\" srcset=\"http:\/\/www.fdelaitre.org\/CEB\/wp-content\/uploads\/2014\/01\/CEB-Cite_Agricole_4.jpg 1086w, http:\/\/www.fdelaitre.org\/CEB\/wp-content\/uploads\/2014\/01\/CEB-Cite_Agricole_4-300x192.jpg 300w, http:\/\/www.fdelaitre.org\/CEB\/wp-content\/uploads\/2014\/01\/CEB-Cite_Agricole_4-1024x658.jpg 1024w\" sizes=\"(max-width: 695px) 100vw, 695px\" \/><\/a><\/p>\n<p>En 2009 : la Poste est toujours l\u00e0 !<\/p>\n<p><a href=\"http:\/\/www.fdelaitre.org\/CEB\/wp-content\/uploads\/2014\/01\/CEB_09-72.jpg\"><img decoding=\"async\" loading=\"lazy\" class=\"wp-image-214 aligncenter\" alt=\"CEB_09-72\" src=\"http:\/\/www.fdelaitre.org\/CEB\/wp-content\/uploads\/2014\/01\/CEB_09-72.jpg\" width=\"640\" height=\"426\" srcset=\"http:\/\/www.fdelaitre.org\/CEB\/wp-content\/uploads\/2014\/01\/CEB_09-72.jpg 800w, http:\/\/www.fdelaitre.org\/CEB\/wp-content\/uploads\/2014\/01\/CEB_09-72-300x199.jpg 300w\" sizes=\"(max-width: 640px) 100vw, 640px\" \/><\/a><\/p>\n<p style=\"text-align: center;\"><a href=\"http:\/\/www.fdelaitre.org\/CEB\/wp-content\/uploads\/2014\/01\/CEB-Cite_Agricole_5.jpg\"><img decoding=\"async\" loading=\"lazy\" class=\" wp-image-215 aligncenter\" alt=\"CEB-Cite_Agricole_5\" src=\"http:\/\/www.fdelaitre.org\/CEB\/wp-content\/uploads\/2014\/01\/CEB-Cite_Agricole_5.jpg\" width=\"727\" height=\"472\" srcset=\"http:\/\/www.fdelaitre.org\/CEB\/wp-content\/uploads\/2014\/01\/CEB-Cite_Agricole_5.jpg 808w, http:\/\/www.fdelaitre.org\/CEB\/wp-content\/uploads\/2014\/01\/CEB-Cite_Agricole_5-300x194.jpg 300w\" sizes=\"(max-width: 727px) 100vw, 727px\" \/><\/a><\/p>\n<p style=\"text-align: center;\"><a href=\"http:\/\/www.fdelaitre.org\/CEB\/wp-content\/uploads\/2014\/01\/CEB-Cite_Agricole_8.jpg\"><img decoding=\"async\" loading=\"lazy\" class=\"wp-image-216 aligncenter\" alt=\"CEB-Cite_Agricole_8\" src=\"http:\/\/www.fdelaitre.org\/CEB\/wp-content\/uploads\/2014\/01\/CEB-Cite_Agricole_8.jpg\" width=\"620\" height=\"383\" srcset=\"http:\/\/www.fdelaitre.org\/CEB\/wp-content\/uploads\/2014\/01\/CEB-Cite_Agricole_8.jpg 620w, http:\/\/www.fdelaitre.org\/CEB\/wp-content\/uploads\/2014\/01\/CEB-Cite_Agricole_8-300x185.jpg 300w\" sizes=\"(max-width: 620px) 100vw, 620px\" \/><\/a><\/p>\n<p>En d\u00e9couvrant il y a une vingtaine d&#8217;ann\u00e9es ces cartes postales de la Cit\u00e9 Agricole, un d\u00e9tail avait retenu mon attention : les portes log\u00e9es dans les angles des maisons, comme c&#8217;est le cas pour le bureau de poste de la Cit\u00e9. Pourquoi cette disposition\u00a0? \u00c9viter de perdre de la place en utilisant un angle mort\u00a0? D\u00e9gagement pour permettre \u00e0 des carrioles charg\u00e9es de prendre le virage plus ais\u00e9ment ? Une quelconque r\u00e9glementation obsol\u00e8te ? J&#8217;ai longtemps pens\u00e9 qu&#8217;il s&#8217;agissait d&#8217;une sp\u00e9cificit\u00e9 campiniocoise, comme ici \u00e0 la Poste de la rue de la Cit\u00e9 :<\/p>\n<p><a href=\"http:\/\/www.fdelaitre.org\/CEB\/wp-content\/uploads\/2014\/01\/CEB-Cite_Agricole_Detail_1.jpg\"><img decoding=\"async\" loading=\"lazy\" class=\"alignnone size-full wp-image-217\" alt=\"CEB-Cite_Agricole_Detail_1\" src=\"http:\/\/www.fdelaitre.org\/CEB\/wp-content\/uploads\/2014\/01\/CEB-Cite_Agricole_Detail_1.jpg\" width=\"177\" height=\"279\" \/><\/a> <a href=\"http:\/\/www.fdelaitre.org\/CEB\/wp-content\/uploads\/2014\/01\/CEB-Cite_Agricole_Detail_2.jpg\"><img decoding=\"async\" loading=\"lazy\" class=\"alignnone size-full wp-image-218\" alt=\"CEB-Cite_Agricole_Detail_2\" src=\"http:\/\/www.fdelaitre.org\/CEB\/wp-content\/uploads\/2014\/01\/CEB-Cite_Agricole_Detail_2.jpg\" width=\"158\" height=\"296\" \/><\/a><\/p>\n<p>Jusqu&#8217;au jour o\u00f9 j&#8217;ai trouv\u00e9 une disposition similaire dans une autre ville du Centre de la France\u00a0 que je connais tr\u00e8s bien pour y avoir mes racines : Clamecy. Le restaurant <i>La Porte Dor\u00e9e<\/i>, avenue de la gare (en face du <a href=\"http:\/\/www.fdelaitre.com\/Clamecy.htm\" target=\"_blank\">Buffet<\/a> r\u00e9cemment d\u00e9moli), avait une disposition analogue :<\/p>\n<p><a href=\"http:\/\/www.fdelaitre.org\/CEB\/wp-content\/uploads\/2014\/01\/CEB-Cite_Agricole_Clamecy.jpg\"><img decoding=\"async\" loading=\"lazy\" class=\"wp-image-220 aligncenter\" alt=\"CEB-Cite_Agricole_Clamecy\" src=\"http:\/\/www.fdelaitre.org\/CEB\/wp-content\/uploads\/2014\/01\/CEB-Cite_Agricole_Clamecy.jpg\" width=\"720\" height=\"455\" srcset=\"http:\/\/www.fdelaitre.org\/CEB\/wp-content\/uploads\/2014\/01\/CEB-Cite_Agricole_Clamecy.jpg 800w, http:\/\/www.fdelaitre.org\/CEB\/wp-content\/uploads\/2014\/01\/CEB-Cite_Agricole_Clamecy-300x189.jpg 300w\" sizes=\"(max-width: 720px) 100vw, 720px\" \/><\/a><\/p>\n<p style=\"text-align: center;\"><a href=\"http:\/\/www.fdelaitre.org\/CEB\/wp-content\/uploads\/2014\/01\/CEB-Cite_Agricole_Detail_Cl.jpg\"><img decoding=\"async\" loading=\"lazy\" class=\"alignnone size-full wp-image-221\" alt=\"CEB-Cite_Agricole_Detail_Cl\" src=\"http:\/\/www.fdelaitre.org\/CEB\/wp-content\/uploads\/2014\/01\/CEB-Cite_Agricole_Detail_Cl.jpg\" width=\"150\" height=\"233\" \/><\/a><\/p>\n<p>Un(e) visiteu(r\/se) de ce site pourrait-il m&#8217;en dire plus sur le pourquoi de ces myst\u00e9rieuses portes en coin r\u00e9pandues dans le Centre-France\u00a0?<\/p>\n<p><em><b>Mise \u00e0 jour du 19 mai 2010 :<\/b><\/em><\/p>\n<p>Suite \u00e0 cet appel, <a href=\"http:\/\/jpiconom.perso.neuf.fr\/\" target=\"_blank\"><b>Jean-Pierre G.<\/b>,<\/a> visiteur attentif de ce site et d\u2019origine campiniocoise propose :<br \/>\n\u00ab <i>Une hypoth\u00e8se : pour la pr\u00e9sence des portes dans les angles des maisons destin\u00e9es \u00e0 l&#8217;accueil du public (poste, \u00e9picerie, caf\u00e9,&#8230;). Toutes les maisons et en particulier celles-l\u00e0 ont une marche (au moins, sinon deux) pour y acc\u00e9der. Contrairement aux maisons &#8220;priv\u00e9es&#8221; o\u00f9 l&#8217;entr\u00e9e se fait dans les cours int\u00e9rieures, pour les lieux publics l&#8217;acc\u00e8s se fait \u00e0 partir de la rue sans aucun recul : les marches sont n\u00e9cessairement sur le trottoir.<\/i><\/p>\n<p>=&gt; Mettre les portes d&#8217;entr\u00e9e sur les pignons permet de laisser une largeur normale au trottoir&#8230; \u00bb<\/p>\n<p>(J&#8217;y ajouterai : cela permet \u00e9galement de placer les marches sur la parcelle du propri\u00e9taire, et pas sur le trottoir, propri\u00e9t\u00e9 communale).<\/p>\n<p><b>Mme Marie-Claude B.<\/b>, r\u00e9sidente de Champigny-en-Beauce propose \u00e9galement :<\/p>\n<p>\u00ab <i>Certains pans de murs sont coup\u00e9s dans l&#8217;angle des maisons de champigny en beauce, d&#8217;apr\u00e8s feu mon \u00e9poux, c&#8217;est dans les angles de rues, afin de donner une marge de manoeuvre aux charettes de foin et qui ne braquaient pas comme nos v\u00e9hicules actuels.<\/i> \u00bb<\/p>\n<p>Cette deuxi\u00e8me hypoth\u00e8se est confort\u00e9e par la pr\u00e9sence de deux autres pans coup\u00e9s en vis-\u00e0-vis sur les maisons encadrant l\u2019entr\u00e9e de la rue de la Cit\u00e9, c\u00f4t\u00e9 rue de la Fontaine. \u00c0 cet endroit, prendre le virage avec une charrette de grande longueur pouvait effectivement s\u2019av\u00e9rer d\u00e9licat :<\/p>\n<p><a href=\"http:\/\/www.fdelaitre.org\/CEB\/wp-content\/uploads\/2014\/01\/CEB-Cite_Agricole_Detail_Angle_1.jpg\"><img decoding=\"async\" loading=\"lazy\" class=\"alignnone size-full wp-image-222\" alt=\"CEB-Cite_Agricole_Detail_Angle_1\" src=\"http:\/\/www.fdelaitre.org\/CEB\/wp-content\/uploads\/2014\/01\/CEB-Cite_Agricole_Detail_Angle_1.jpg\" width=\"400\" height=\"600\" srcset=\"http:\/\/www.fdelaitre.org\/CEB\/wp-content\/uploads\/2014\/01\/CEB-Cite_Agricole_Detail_Angle_1.jpg 400w, http:\/\/www.fdelaitre.org\/CEB\/wp-content\/uploads\/2014\/01\/CEB-Cite_Agricole_Detail_Angle_1-200x300.jpg 200w\" sizes=\"(max-width: 400px) 100vw, 400px\" \/><\/a> <a href=\"http:\/\/www.fdelaitre.org\/CEB\/wp-content\/uploads\/2014\/01\/CEB-Cite_Agricole_Detail_Angle_2.jpg\"><img decoding=\"async\" loading=\"lazy\" class=\"alignnone size-full wp-image-223\" alt=\"CEB-Cite_Agricole_Detail_Angle_2\" src=\"http:\/\/www.fdelaitre.org\/CEB\/wp-content\/uploads\/2014\/01\/CEB-Cite_Agricole_Detail_Angle_2.jpg\" width=\"400\" height=\"600\" srcset=\"http:\/\/www.fdelaitre.org\/CEB\/wp-content\/uploads\/2014\/01\/CEB-Cite_Agricole_Detail_Angle_2.jpg 400w, http:\/\/www.fdelaitre.org\/CEB\/wp-content\/uploads\/2014\/01\/CEB-Cite_Agricole_Detail_Angle_2-200x300.jpg 200w\" sizes=\"(max-width: 400px) 100vw, 400px\" \/><\/a><\/p>\n<p>Un grand merci \u00e0 tous les deux pour ces contributions. Si vous avez d&#8217;autres explications, n&#8217;h\u00e9sitez pas <a href=\"http:\/\/www.fdelaitre.org\/contact\/contact.php\" target=\"_blank\">\u00e0 me contacter<\/a> !<\/p>\n","protected":false},"excerpt":{"rendered":"<p>Vue a\u00e9rienne contemporaine : Inspir\u00e9e par les cit\u00e9s ouvri\u00e8res du nord de la France, m\u00e9daille d\u2019or \u00e0 l\u2019Exposition Universelle de 1889, la Cit\u00e9 Agricole de Champigny en Beauce &#8211; con\u00e7ue et financ\u00e9e par Fran\u00e7ois-Philibert Dessaignes &#8211; restera unique en son genre. \u00c9mile Cacheux, ing\u00e9nieur des Arts &amp; Manufactures, nous en donne la description suivante (Etat [&hellip;]<\/p>\n","protected":false},"author":1,"featured_media":0,"parent":0,"menu_order":0,"comment_status":"open","ping_status":"open","template":"","meta":{"_links_to":"","_links_to_target":""},"_links":{"self":[{"href":"http:\/\/www.fdelaitre.org\/CEB\/index.php?rest_route=\/wp\/v2\/pages\/116"}],"collection":[{"href":"http:\/\/www.fdelaitre.org\/CEB\/index.php?rest_route=\/wp\/v2\/pages"}],"about":[{"href":"http:\/\/www.fdelaitre.org\/CEB\/index.php?rest_route=\/wp\/v2\/types\/page"}],"author":[{"embeddable":true,"href":"http:\/\/www.fdelaitre.org\/CEB\/index.php?rest_route=\/wp\/v2\/users\/1"}],"replies":[{"embeddable":true,"href":"http:\/\/www.fdelaitre.org\/CEB\/index.php?rest_route=%2Fwp%2Fv2%2Fcomments&post=116"}],"version-history":[{"count":15,"href":"http:\/\/www.fdelaitre.org\/CEB\/index.php?rest_route=\/wp\/v2\/pages\/116\/revisions"}],"predecessor-version":[{"id":225,"href":"http:\/\/www.fdelaitre.org\/CEB\/index.php?rest_route=\/wp\/v2\/pages\/116\/revisions\/225"}],"wp:attachment":[{"href":"http:\/\/www.fdelaitre.org\/CEB\/index.php?rest_route=%2Fwp%2Fv2%2Fmedia&parent=116"}],"curies":[{"name":"wp","href":"https:\/\/api.w.org\/{rel}","templated":true}]}}